{"id":1,"date":"2019-09-05T08:43:56","date_gmt":"2019-09-05T08:43:56","guid":{"rendered":"http:\/\/localhost:8888\/mapa_red\/?p=1"},"modified":"2022-03-07T17:41:21","modified_gmt":"2022-03-07T17:41:21","slug":"home","status":"publish","type":"page","link":"https:\/\/www.redlatinoamericanademujeres.org\/mapa\/","title":{"rendered":"Home"},"content":{"rendered":"<p><img decoding=\"async\" src=\"\/mapa\/wp-content\/uploads\/2021\/07\/logo_mapa.png\" alt=\"\"><\/p>\n<div>Este mapa muestra las afectaciones a las mujeres por el extractivismo minero y su rol en la construcci\u00f3n de alternativas. Se incluyen 25 de muchos casos que se evidencian en Am\u00e9rica Latina y busca difundir y potenciar los liderazgos de las mujeres.<\/div>\n<p>\n    <a href=\"\/mapa\/wp-content\/uploads\/2022\/03\/libro.pdf\">Ver publicaci\u00f3n<\/a>\n<\/p>\n<ul>\n<li>\n<p>        <img decoding=\"async\" src=\"\/mapa\/wp-content\/uploads\/2021\/09\/mapa3.svg\" alt=\"\"><\/p>\n<h2>Mapa<\/h2>\n<p>Ubicaci\u00f3n de pa\u00edses y casos <\/p>\n<p><a href=\"\/mapa\/mapa\/\"><\/a><\/p>\n<\/li>\n<li>\n<p>        <img decoding=\"async\" src=\"\/mapa\/wp-content\/uploads\/2021\/09\/contexto.svg\" alt=\"\"><\/p>\n<h2>Contexto regional <\/h2>\n<p>Latinoam\u00e9rica y el Caribe<\/p>\n<p><a href=\"\/mapa\/contexto-regional\/\"><\/a><\/p>\n<\/li>\n<li>\n<p>        <img decoding=\"async\" src=\"\/mapa\/wp-content\/uploads\/2021\/09\/metodologia.svg\" alt=\"\"><\/p>\n<h2>Metodolog\u00eda <\/h2>\n<p>una mirada feminista y colectiva<\/p>\n<p><a href=\"\/mapa\/metodologia\/\"><\/a><\/p>\n<\/li>\n<li>\n<p>        <img decoding=\"async\" src=\"\/mapa\/wp-content\/uploads\/2021\/09\/red.svg\" alt=\"\"><\/p>\n<h2>Sobre la Red<\/h2>\n<p>Sobre la nosotras y nuestro enfoque<\/p>\n<p><a href=\"\/mapa\/la-red\/\"><\/a><\/p>\n<\/li>\n<\/ul>\n<p><!--more--><br \/>\n<!-- {\"type\":\"layout\",\"children\":[{\"type\":\"section\",\"props\":{\"style\":\"default\",\"width\":\"\",\"vertical_align\":\"middle\",\"title_position\":\"top-left\",\"title_rotation\":\"left\",\"title_breakpoint\":\"xl\",\"image_position\":\"center-center\",\"image\":\"wp-content\\\/uploads\\\/2021\\\/09\\\/fondo3.svg\",\"header_transparent\":\"dark\",\"header_transparent_noplaceholder\":true,\"animation_delay\":\"100\",\"padding_remove_bottom\":false,\"padding_remove_top\":false,\"animation\":\"fade\",\"image_size\":\"cover\"},\"children\":[{\"type\":\"row\",\"children\":[{\"type\":\"column\",\"props\":{\"image_position\":\"top-center\",\"media_overlay_gradient\":\"\",\"image\":\"\",\"image_size\":\"width-1-1\",\"position_sticky_breakpoint\":\"m\"},\"children\":[{\"type\":\"image\",\"props\":{\"margin\":\"default\",\"image_svg_color\":\"emphasis\",\"image\":\"wp-content\\\/uploads\\\/2021\\\/07\\\/logo_mapa.png\",\"text_align\":\"center\",\"block_align\":\"center\",\"position_z_index\":\"1\",\"image_width\":\"500px\",\"animation\":\"slide-top-medium\"}},{\"type\":\"text\",\"props\":{\"margin\":\"medium\",\"column_breakpoint\":\"m\",\"maxwidth\":\"xlarge\",\"block_align\":\"center\",\"text_align\":\"center\",\"content\":\"Este mapa muestra las afectaciones a las mujeres por el extractivismo minero y su rol en la construcci\\u00f3n de alternativas. Se incluyen 25 de muchos casos que se evidencian en Am\\u00e9rica Latina y busca difundir y potenciar los liderazgos de las mujeres.\",\"text_style\":\"lead\",\"margin_remove_bottom\":true}},{\"type\":\"button\",\"props\":{\"grid_column_gap\":\"small\",\"grid_row_gap\":\"small\",\"margin\":\"medium\",\"text_align\":\"center\"},\"children\":[{\"type\":\"button_item\",\"props\":{\"button_style\":\"secondary\",\"icon_align\":\"left\",\"content\":\"Ver publicaci\\u00f3n\",\"link\":\"wp-content\\\/uploads\\\/2022\\\/03\\\/libro.pdf\",\"link_target\":\"blank\"}}]},{\"type\":\"grid\",\"props\":{\"show_title\":true,\"show_meta\":true,\"show_content\":true,\"show_image\":true,\"show_link\":true,\"grid_default\":\"1\",\"grid_medium\":\"4\",\"filter_style\":\"tab\",\"filter_all\":true,\"filter_position\":\"top\",\"filter_align\":\"left\",\"filter_grid_width\":\"auto\",\"filter_grid_breakpoint\":\"m\",\"title_hover_style\":\"reset\",\"title_element\":\"h2\",\"title_align\":\"top\",\"title_grid_width\":\"1-2\",\"title_grid_breakpoint\":\"m\",\"meta_style\":\"meta\",\"meta_align\":\"below-title\",\"meta_element\":\"div\",\"content_column_breakpoint\":\"m\",\"icon_width\":80,\"image_align\":\"top\",\"image_grid_width\":\"1-2\",\"image_grid_breakpoint\":\"m\",\"image_svg_color\":\"emphasis\",\"link_text\":\"\",\"link_style\":\"default\",\"margin\":\"large\",\"item_animation\":true,\"grid_xlarge\":\"4\",\"grid_large\":\"4\",\"panel_style\":\"card-default\",\"block_align\":\"center\",\"grid_column_gap\":\"small\",\"grid_row_gap\":\"small\",\"text_align\":\"center\",\"animation\":\"slide-bottom\",\"image_width\":\"80px\",\"image_link\":true,\"image_transition\":\"scale-up\",\"panel_link\":true,\"title_style\":\"h2\",\"grid_small\":\"2\",\"content_style\":\"lead\",\"content_margin\":\"small\",\"position_z_index\":\"1\",\"grid_row_align\":false,\"grid_column_align\":false,\"grid_masonry\":false,\"grid_parallax\":\"\",\"title_font_family\":\"secondary\",\"css\":\".el-title {\\n    font-size: 45px;\\n    font-weight: 500;\\n}\",\"meta_margin\":\"small\",\"title_margin\":\"small\",\"panel_padding\":\"small\"},\"children\":[{\"type\":\"grid_item\",\"props\":{\"title\":\"Mapa\",\"image\":\"wp-content\\\/uploads\\\/2021\\\/09\\\/mapa3.svg\",\"link\":\"mapa\\\/\",\"content\":\"\",\"icon\":\"\",\"meta\":\"Ubicaci\\u00f3n de pa\\u00edses y casos \"}},{\"type\":\"grid_item\",\"props\":{\"title\":\"Contexto regional \",\"image\":\"wp-content\\\/uploads\\\/2021\\\/09\\\/contexto.svg\",\"link\":\"contexto-regional\\\/\",\"content\":\"\",\"icon\":\"\",\"meta\":\"Latinoam\\u00e9rica y el Caribe\"}},{\"type\":\"grid_item\",\"props\":{\"title\":\"Metodolog\\u00eda \",\"image\":\"wp-content\\\/uploads\\\/2021\\\/09\\\/metodologia.svg\",\"link\":\"metodologia\\\/\",\"content\":\"\",\"icon\":\"\",\"meta\":\"una mirada feminista y colectiva\"}},{\"type\":\"grid_item\",\"props\":{\"title\":\"Sobre la Red\",\"image\":\"wp-content\\\/uploads\\\/2021\\\/09\\\/red.svg\",\"link\":\"la-red\\\/\",\"content\":\"\",\"icon\":\"\",\"meta\":\"Sobre la nosotras y nuestro enfoque\"}}]}]}],\"props\":{\"width\":\"default\"}},{\"type\":\"row\",\"children\":[{\"type\":\"column\",\"props\":{\"image_position\":\"center-center\",\"media_overlay_gradient\":\"\",\"position_sticky_breakpoint\":\"m\"},\"children\":[]}]}],\"name\":\"Inicio\"}],\"version\":\"2.7.11\",\"yooessentialsVersion\":\"1.5.8\"} --><\/p>\n","protected":false},"excerpt":{"rendered":"<p>Este mapa muestra las afectaciones a las mujeres por el extractivismo minero y su rol en la construcci\u00f3n de alternativas. Se incluyen 25 de muchos casos que se evidencian en Am\u00e9rica Latina y busca difundir y potenciar los liderazgos de las mujeres. Ver publicaci\u00f3n Mapa Ubicaci\u00f3n de pa\u00edses y casos Contexto regional Latinoam\u00e9rica y el [&hellip;]<\/p>\n","protected":false},"author":1,"featured_media":0,"parent":0,"menu_order":6,"comment_status":"open","ping_status":"open","template":"","meta":{"_acf_changed":false,"footnotes":""},"class_list":["post-1","page","type-page","status-publish","hentry"],"acf":[],"_links":{"self":[{"href":"https:\/\/www.redlatinoamericanademujeres.org\/mapa\/wp-json\/wp\/v2\/pages\/1","targetHints":{"allow":["GET"]}}],"collection":[{"href":"https:\/\/www.redlatinoamericanademujeres.org\/mapa\/wp-json\/wp\/v2\/pages"}],"about":[{"href":"https:\/\/www.redlatinoamericanademujeres.org\/mapa\/wp-json\/wp\/v2\/types\/page"}],"author":[{"embeddable":true,"href":"https:\/\/www.redlatinoamericanademujeres.org\/mapa\/wp-json\/wp\/v2\/users\/1"}],"replies":[{"embeddable":true,"href":"https:\/\/www.redlatinoamericanademujeres.org\/mapa\/wp-json\/wp\/v2\/comments?post=1"}],"version-history":[{"count":402,"href":"https:\/\/www.redlatinoamericanademujeres.org\/mapa\/wp-json\/wp\/v2\/pages\/1\/revisions"}],"predecessor-version":[{"id":3906,"href":"https:\/\/www.redlatinoamericanademujeres.org\/mapa\/wp-json\/wp\/v2\/pages\/1\/revisions\/3906"}],"wp:attachment":[{"href":"https:\/\/www.redlatinoamericanademujeres.org\/mapa\/wp-json\/wp\/v2\/media?parent=1"}],"curies":[{"name":"wp","href":"https:\/\/api.w.org\/{rel}","templated":true}]}}